{"id":806,"date":"2024-02-28T15:38:12","date_gmt":"2024-02-28T14:38:12","guid":{"rendered":"https:\/\/captyvan.fr\/?page_id=806"},"modified":"2024-02-28T15:38:12","modified_gmt":"2024-02-28T14:38:12","slug":"tentes","status":"publish","type":"page","link":"https:\/\/captyvan.fr\/?page_id=806","title":{"rendered":"Tentes"},"content":{"rendered":"\n<div class=\"wrap plugin-container\">\n\n\t\n\t\n\t<div class=\"vri-page-content\">\n\t<h3 class=\"vriclistheadt\">Tentes de toit<\/h3>\n\t\t\t<div class=\"vricatdescr\">\n\t\t\tNotre Choix de Tentes en location\t\t<\/div>\n\t\t\t<div class=\"vrilistcontainer\">\n\t\t<div class=\"vri-list-item-block\">\n\t\t\t<div class=\"vri-list-item-inner\">\n\t\t\t\t\t\t\t<div class=\"vri-list-item-img\">\n\t\t\t\t\t<img decoding=\"async\" src=\"https:\/\/captyvan.fr\/wp-content\/plugins\/vikrentitems\/admin\/resources\/vthumb_tente-de-toit-cumaru-light-127.jpg\" alt=\"\" class=\"vrilistimg\"\/>\n\t\t\t\t<\/div>\n\t\t\t\t\t\t\t\t<div class=\"vri-list-item-descr\">\n\t\t\t\t\t<span class=\"vrilistitemname\">Tente de toit 152<\/span>\n\t\t\t\t\t<span class=\"vrilistitemcat\">Tentes de toit<\/span>\n\t\t\t\t\t<div class=\"vrilistitemdescr\">\n\t\t\t\t\t\t<p>Tente de toit Camaru Light 152 Camel<br \/>\nPour 2 adultes et 1 enfant<\/p>\n\t\t\t\t\t<\/div>\n\t\t\t\t\t\t\t\t<\/div>\n\t\t\t<\/div>\n\t\t\t<div class=\"vri-list-item-cont\">\n\t\t\t\t<div class=\"vrilistcostdivcont\">\n\t\t\t\t\t\t\t\t\t\t<div class=\"vrilistdivcost\">\n\t\t\t\t\t\t<span class=\"vriliststartfrom\">A partir de<\/span>\n\t\t\t\t\t\t<span class=\"item_cost\">\u20ac 32.00<\/span>\n\t\t\t\t\t\t<span class=\"vriliststartfromtext\">par jour<\/span>\n\t\t\t\t\t<\/div>\n\t\t\t\t\t\t\t\t\t\t<span class=\"vrilistgoonlist\"><a href=\"https:\/\/captyvan.fr\/?page_id=806&amp;option=com_vikrentitems&amp;view=itemdetails&amp;elemid=2\">>> Voir le d\u00e9tail<\/a><\/span>\n\t\t\t\t<\/div>\n\t\t\t<\/div>\n\t\t<\/div>\n\t\t\t<div class=\"vri-list-item-block\">\n\t\t\t<div class=\"vri-list-item-inner\">\n\t\t\t\t\t\t\t<div class=\"vri-list-item-img\">\n\t\t\t\t\t<img decoding=\"async\" src=\"https:\/\/captyvan.fr\/wp-content\/plugins\/vikrentitems\/admin\/resources\/vthumb_tente-de-toit-hybride-mighty-oak-light-165-line-x.jpg\" alt=\"\" class=\"vrilistimg\"\/>\n\t\t\t\t<\/div>\n\t\t\t\t\t\t\t\t<div class=\"vri-list-item-descr\">\n\t\t\t\t\t<span class=\"vrilistitemname\">Tente de toit mighty 165<\/span>\n\t\t\t\t\t<span class=\"vrilistitemcat\">Tentes de toit<\/span>\n\t\t\t\t\t<div class=\"vrilistitemdescr\">\n\t\t\t\t\t\t<p>TENTE DE TOIT HYBRIDE MIGHTY OAK LIGHT 165<br \/>\n . Poids l\u00e9ger avec seulement 69 kg<br \/>\n Confort optimal<br \/>\n\u2022 Fonctionnalit\u00e9s pratiques : Moustiquaires, sacs \u00e0 chaussures, et filets de rangement int\u00e9gr\u00e9s.<br \/>\n. Peut accueillir 2 \u00e0 3 personnes <\/p>\n\t\t\t\t\t<\/div>\n\t\t\t\t\t\t\t\t<\/div>\n\t\t\t<\/div>\n\t\t\t<div class=\"vri-list-item-cont\">\n\t\t\t\t<div class=\"vrilistcostdivcont\">\n\t\t\t\t\t\t\t\t\t\t<div class=\"vrilistdivcost\">\n\t\t\t\t\t\t<span class=\"vriliststartfrom\">A partir de<\/span>\n\t\t\t\t\t\t<span class=\"item_cost\">\u20ac 35.00<\/span>\n\t\t\t\t\t\t<span class=\"vriliststartfromtext\">par heure<\/span>\n\t\t\t\t\t<\/div>\n\t\t\t\t\t\t\t\t\t\t<span class=\"vrilistgoonlist\"><a href=\"https:\/\/captyvan.fr\/?page_id=806&amp;option=com_vikrentitems&amp;view=itemdetails&amp;elemid=3\">>> Voir le d\u00e9tail<\/a><\/span>\n\t\t\t\t<\/div>\n\t\t\t<\/div>\n\t\t<\/div>\n\t\t<\/div>\n\n<\/div>\n\n<\/div>\n\n","protected":false},"excerpt":{"rendered":"","protected":false},"author":1,"featured_media":0,"parent":0,"menu_order":0,"comment_status":"closed","ping_status":"closed","template":"","meta":{"footnotes":""},"class_list":["post-806","page","type-page","status-publish","czr-hentry"],"_links":{"self":[{"href":"https:\/\/captyvan.fr\/index.php?rest_route=\/wp\/v2\/pages\/806","targetHints":{"allow":["GET"]}}],"collection":[{"href":"https:\/\/captyvan.fr\/index.php?rest_route=\/wp\/v2\/pages"}],"about":[{"href":"https:\/\/captyvan.fr\/index.php?rest_route=\/wp\/v2\/types\/page"}],"author":[{"embeddable":true,"href":"https:\/\/captyvan.fr\/index.php?rest_route=\/wp\/v2\/users\/1"}],"replies":[{"embeddable":true,"href":"https:\/\/captyvan.fr\/index.php?rest_route=%2Fwp%2Fv2%2Fcomments&post=806"}],"version-history":[{"count":0,"href":"https:\/\/captyvan.fr\/index.php?rest_route=\/wp\/v2\/pages\/806\/revisions"}],"wp:attachment":[{"href":"https:\/\/captyvan.fr\/index.php?rest_route=%2Fwp%2Fv2%2Fmedia&parent=806"}],"curies":[{"name":"wp","href":"https:\/\/api.w.org\/{rel}","templated":true}]}}